{"id":113,"date":"2021-03-21T22:15:41","date_gmt":"2021-03-21T22:15:41","guid":{"rendered":"https:\/\/semearvalores.k2ponto.com.br\/?page_id=113"},"modified":"2024-01-15T14:01:44","modified_gmt":"2024-01-15T14:01:44","slug":"projetos-em-escolas","status":"publish","type":"page","link":"https:\/\/semearvalores.pt\/index.php\/projetos-em-escolas\/","title":{"rendered":"Projetos em escolas"},"content":{"rendered":"\t\t<div data-elementor-type=\"wp-page\" data-elementor-id=\"113\" class=\"elementor elementor-113\" data-elementor-post-type=\"page\">\n\t\t\t\t\t\t<section data-dce-background-color=\"#ECECEC\" class=\"elementor-section elementor-top-section elementor-element elementor-element-1499689 elementor-section-boxed elementor-section-height-default elementor-section-height-default\" data-id=\"1499689\" data-element_type=\"section\" data-settings=\"{&quot;background_background&quot;:&quot;classic&quot;}\">\n\t\t\t\t\t\t<div class=\"elementor-container elementor-column-gap-default\">\n\t\t\t\t\t<div class=\"elementor-column elementor-col-50 elementor-top-column elementor-element elementor-element-7bc0032\" data-id=\"7bc0032\" data-element_type=\"column\">\n\t\t\t<div class=\"elementor-widget-wrap elementor-element-populated\">\n\t\t\t\t\t\t<div class=\"elementor-element elementor-element-309ddda elementor-widget elementor-widget-heading\" data-id=\"309ddda\" data-element_type=\"widget\" data-widget_type=\"heading.default\">\n\t\t\t\t<div class=\"elementor-widget-container\">\n\t\t\t\t\t<h2 class=\"elementor-heading-title elementor-size-default\">Projetos em escolas<\/h2>\t\t\t\t<\/div>\n\t\t\t\t<\/div>\n\t\t\t\t<div class=\"elementor-element elementor-element-8247257 elementor-widget elementor-widget-heading\" data-id=\"8247257\" data-element_type=\"widget\" data-widget_type=\"heading.default\">\n\t\t\t\t<div class=\"elementor-widget-container\">\n\t\t\t\t\t<h2 class=\"elementor-heading-title elementor-size-default\">Desenhamos, implementamos e avaliamos projetos em escolas e outros contextos educativos.<\/h2>\t\t\t\t<\/div>\n\t\t\t\t<\/div>\n\t\t\t\t\t<\/div>\n\t\t<\/div>\n\t\t\t\t<div class=\"elementor-column elementor-col-50 elementor-top-column elementor-element elementor-element-86c88ad\" data-id=\"86c88ad\" data-element_type=\"column\">\n\t\t\t<div class=\"elementor-widget-wrap elementor-element-populated\">\n\t\t\t\t\t\t<div class=\"elementor-element elementor-element-9f30a2f elementor-widget elementor-widget-text-editor\" data-id=\"9f30a2f\" data-element_type=\"widget\" data-widget_type=\"text-editor.default\">\n\t\t\t\t<div class=\"elementor-widget-container\">\n\t\t\t\t\t\t\t\t\t<p>Adotamos uma abordagem construcionista, de forma a aumentar o envolvimento dos professores e promover a sustentabilidade das aprendizagens.<br \/><br \/>Tal permite-nos testar e avaliar os modelos da psicologia e educa\u00e7\u00e3o positiva no contexto educativo portugu\u00eas, bem como criar novos recursos pedag\u00f3gicos de apoio \u00e0s interven\u00e7\u00f5es, adaptados \u00e0 realidade das nossas escolas.<\/p>\t\t\t\t\t\t\t\t<\/div>\n\t\t\t\t<\/div>\n\t\t\t\t\t<\/div>\n\t\t<\/div>\n\t\t\t\t\t<\/div>\n\t\t<\/section>\n\t\t\t\t<section class=\"elementor-section elementor-top-section elementor-element elementor-element-08f8820 elementor-section-boxed elementor-section-height-default elementor-section-height-default\" data-id=\"08f8820\" data-element_type=\"section\">\n\t\t\t\t\t\t<div class=\"elementor-container elementor-column-gap-default\">\n\t\t\t\t\t<div class=\"elementor-column elementor-col-100 elementor-top-column elementor-element elementor-element-a035670\" data-id=\"a035670\" data-element_type=\"column\">\n\t\t\t<div class=\"elementor-widget-wrap elementor-element-populated\">\n\t\t\t\t\t\t<div class=\"elementor-element elementor-element-f237394 elementor-widget elementor-widget-heading\" data-id=\"f237394\" data-element_type=\"widget\" data-widget_type=\"heading.default\">\n\t\t\t\t<div class=\"elementor-widget-container\">\n\t\t\t\t\t<h4 class=\"elementor-heading-title elementor-size-default\">Projetos mais recentes<\/h4>\t\t\t\t<\/div>\n\t\t\t\t<\/div>\n\t\t\t\t<div class=\"elementor-element elementor-element-3136d53 elementor-grid-2 elementor-grid-tablet-2 elementor-grid-mobile-1 elementor-widget elementor-widget-portfolio\" data-id=\"3136d53\" data-element_type=\"widget\" data-settings=\"{&quot;columns&quot;:&quot;2&quot;,&quot;row_gap&quot;:{&quot;unit&quot;:&quot;px&quot;,&quot;size&quot;:16,&quot;sizes&quot;:[]},&quot;item_ratio&quot;:{&quot;unit&quot;:&quot;px&quot;,&quot;size&quot;:1,&quot;sizes&quot;:[]},&quot;columns_tablet&quot;:&quot;2&quot;,&quot;columns_mobile&quot;:&quot;1&quot;,&quot;item_gap&quot;:{&quot;unit&quot;:&quot;px&quot;,&quot;size&quot;:&quot;&quot;,&quot;sizes&quot;:[]}}\" data-widget_type=\"portfolio.default\">\n\t\t\t\t<div class=\"elementor-widget-container\">\n\t\t\t\t\t\t\t<div class=\"elementor-portfolio elementor-grid elementor-posts-container\">\n\t\t\t\t<article class=\"elementor-portfolio-item elementor-post  post-1049 post type-post status-publish format-standard has-post-thumbnail hentry category-projetos-em-escola\">\n\t\t\t<a class=\"elementor-post__thumbnail__link\" href=\"https:\/\/semearvalores.pt\/index.php\/2021\/04\/06\/academia-semear-valores-on-air\/\">\n\t\t\t\t<div class=\"elementor-portfolio-item__img elementor-post__thumbnail\">\n\t\t\t<img decoding=\"async\" width=\"300\" height=\"107\" src=\"https:\/\/semearvalores.pt\/wp-content\/uploads\/2021\/04\/Cabecalho-Radio_2.png\" class=\"attachment-medium size-medium wp-image-1447\" alt=\"\" \/>\t\t<\/div>\n\t\t\t\t<div class=\"elementor-portfolio-item__overlay\">\n\t\t\t\t<h3 class=\"elementor-portfolio-item__title\">\n\t\tAcademia Semear Valores ON-AIR\t\t<\/h3>\n\t\t\t\t<\/div>\n\t\t\t\t<\/a>\n\t\t<\/article>\n\t\t\t\t<article class=\"elementor-portfolio-item elementor-post  post-1040 post type-post status-publish format-standard has-post-thumbnail hentry category-projetos-em-escola\">\n\t\t\t<a class=\"elementor-post__thumbnail__link\" href=\"https:\/\/semearvalores.pt\/index.php\/2021\/04\/06\/crescer-em-forcas-no-1o-ciclo\/\">\n\t\t\t\t<div class=\"elementor-portfolio-item__img elementor-post__thumbnail\">\n\t\t\t<img fetchpriority=\"high\" decoding=\"async\" width=\"300\" height=\"251\" src=\"https:\/\/semearvalores.pt\/wp-content\/uploads\/2021\/04\/Nova-foto-para-projeto-1-ciclo.png\" class=\"attachment-medium size-medium wp-image-1777\" alt=\"\" \/>\t\t<\/div>\n\t\t\t\t<div class=\"elementor-portfolio-item__overlay\">\n\t\t\t\t<h3 class=\"elementor-portfolio-item__title\">\n\t\tCrescer em For\u00e7as no 1\u00ba ciclo\t\t<\/h3>\n\t\t\t\t<\/div>\n\t\t\t\t<\/a>\n\t\t<\/article>\n\t\t\t\t<\/div>\n\t\t\t\t\t\t<\/div>\n\t\t\t\t<\/div>\n\t\t\t\t\t<\/div>\n\t\t<\/div>\n\t\t\t\t\t<\/div>\n\t\t<\/section>\n\t\t\t\t<section class=\"elementor-section elementor-top-section elementor-element elementor-element-47baf65 elementor-section-boxed elementor-section-height-default elementor-section-height-default\" data-id=\"47baf65\" data-element_type=\"section\" data-settings=\"{&quot;background_background&quot;:&quot;classic&quot;}\">\n\t\t\t\t\t\t<div class=\"elementor-container elementor-column-gap-default\">\n\t\t\t\t\t<div class=\"elementor-column elementor-col-50 elementor-top-column elementor-element elementor-element-9767126\" data-id=\"9767126\" data-element_type=\"column\">\n\t\t\t<div class=\"elementor-widget-wrap elementor-element-populated\">\n\t\t\t\t\t\t<div class=\"elementor-element elementor-element-9cf1689 elementor-widget elementor-widget-heading\" data-id=\"9cf1689\" data-element_type=\"widget\" data-widget_type=\"heading.default\">\n\t\t\t\t<div class=\"elementor-widget-container\">\n\t\t\t\t\t<h2 class=\"elementor-heading-title elementor-size-default\">Projetos anteriores<\/h2>\t\t\t\t<\/div>\n\t\t\t\t<\/div>\n\t\t\t\t<div class=\"elementor-element elementor-element-6cd9aab elementor-widget elementor-widget-text-editor\" data-id=\"6cd9aab\" data-element_type=\"widget\" data-widget_type=\"text-editor.default\">\n\t\t\t\t<div class=\"elementor-widget-container\">\n\t\t\t\t\t\t\t\t\t<p>Veja o v\u00eddeo ao lado que explica como come\u00e7ou a nossa interven\u00e7\u00e3o no 1\u00ba ciclo e convida a ouvir o testemunho das crian\u00e7as sobre o que aprenderam no primeiro projeto-piloto!<\/p><p>Abaixo, pode visualizar a forma como fomos crescendo e levando os valores \u00e0s crian\u00e7as, em contexto escolar.<\/p>\t\t\t\t\t\t\t\t<\/div>\n\t\t\t\t<\/div>\n\t\t\t\t\t<\/div>\n\t\t<\/div>\n\t\t\t\t<div class=\"elementor-column elementor-col-50 elementor-top-column elementor-element elementor-element-324c2c6\" data-id=\"324c2c6\" data-element_type=\"column\">\n\t\t\t<div class=\"elementor-widget-wrap elementor-element-populated\">\n\t\t\t\t\t\t<div class=\"elementor-element elementor-element-32fc92d elementor-widget elementor-widget-video\" data-id=\"32fc92d\" data-element_type=\"widget\" data-settings=\"{&quot;youtube_url&quot;:&quot;https:\\\/\\\/youtu.be\\\/NzGUpJakzoI&quot;,&quot;video_type&quot;:&quot;youtube&quot;,&quot;controls&quot;:&quot;yes&quot;}\" data-widget_type=\"video.default\">\n\t\t\t\t<div class=\"elementor-widget-container\">\n\t\t\t\t\t\t\t<div class=\"elementor-wrapper elementor-open-inline\">\n\t\t\t<div class=\"elementor-video\"><\/div>\t\t<\/div>\n\t\t\t\t\t\t<\/div>\n\t\t\t\t<\/div>\n\t\t\t\t\t<\/div>\n\t\t<\/div>\n\t\t\t\t\t<\/div>\n\t\t<\/section>\n\t\t\t\t<section class=\"elementor-section elementor-top-section elementor-element elementor-element-7137091 elementor-section-boxed elementor-section-height-default elementor-section-height-default\" data-id=\"7137091\" data-element_type=\"section\" data-settings=\"{&quot;background_background&quot;:&quot;classic&quot;}\">\n\t\t\t\t\t\t<div class=\"elementor-container elementor-column-gap-default\">\n\t\t\t\t\t<div class=\"elementor-column elementor-col-100 elementor-top-column elementor-element elementor-element-99db3c6\" data-id=\"99db3c6\" data-element_type=\"column\">\n\t\t\t<div class=\"elementor-widget-wrap elementor-element-populated\">\n\t\t\t\t\t\t<div class=\"elementor-element elementor-element-b7c98a6 elementor-widget elementor-widget-heading\" data-id=\"b7c98a6\" data-element_type=\"widget\" data-widget_type=\"heading.default\">\n\t\t\t\t<div class=\"elementor-widget-container\">\n\t\t\t\t\t<h3 class=\"elementor-heading-title elementor-size-default\">A nossa experi\u00eancia em contexto escolar<\/h3>\t\t\t\t<\/div>\n\t\t\t\t<\/div>\n\t\t\t\t<div class=\"elementor-element elementor-element-2c3439a elementor-widget elementor-widget-timeline-widget-addon\" data-id=\"2c3439a\" data-element_type=\"widget\" data-widget_type=\"timeline-widget-addon.default\">\n\t\t\t\t<div class=\"elementor-widget-container\">\n\t\t\t\t\t<!-- ========= Timeline Widget Addon For Elementor 1.6.14 ========= -->\n<div id=\"twae-wrapper-2c3439a\" class=\"twae-vertical twae-wrapper  twae-both-sided\">   \n    <div class=\"twae-start\"><\/div>    \n    <div id=\"twea-timeline-2c3439a\" class=\"twae-timeline\" ><!-- Start of Story Repeater Content --><div id=\"story-a5bb764\" class=\"twae-story twae-repeater-item twae-story-right twae-story-no-icon\"><!-- Story Label --><div class=\"twae-labels\"><div class=\"twae-label-big\">2015-2016<\/div><div class=\"twae-label-small\">Interven\u00e7\u00e3o direta: 1\u00ba Ciclo<\/div><\/div><!-- Story Icon --><div class=\"twae-icon\"><\/div><!-- Story Arrow --><div class=\"twae-arrow\"><\/div><!-- Start of Story Content --><div class=\"twae-content\"><!-- Story Title --><div class=\"twae-title\">Projeto-piloto numa turma de 1\u00ba Ciclo<\/div><!-- Story Description --><div class=\"twae-description\"><p>Implementa\u00e7\u00e3o do primeiro projeto-piloto numa turma de 3\u00ba ano, no Col\u00e9gio Europa.<\/p><\/div><\/div><\/div><!-- Start of Story Repeater Content --><div id=\"story-8579962\" class=\"twae-story twae-repeater-item twae-story-left twae-story-no-icon\"><!-- Story Label --><div class=\"twae-labels\"><div class=\"twae-label-big\">2016-2017<\/div><div class=\"twae-label-small\">Interven\u00e7\u00e3o direta: 1\u00ba Ciclo<\/div><\/div><!-- Story Icon --><div class=\"twae-icon\"><\/div><!-- Story Arrow --><div class=\"twae-arrow\"><\/div><!-- Start of Story Content --><div class=\"twae-content\"><!-- Story Title --><div class=\"twae-title\">Col\u00e9gio Europa<\/div><!-- Story Description --><div class=\"twae-description\"><p>Alargamento do projeto a todo o 1\u00ba ciclo, no Col\u00e9gio Europa.<\/p><\/div><\/div><\/div><!-- Start of Story Repeater Content --><div id=\"story-52eeae9\" class=\"twae-story twae-repeater-item twae-story-right twae-story-no-icon\"><!-- Story Label --><div class=\"twae-labels\"><div class=\"twae-label-big\">2016-2017<\/div><div class=\"twae-label-small\">Interven\u00e7\u00e3o direta: 3\u00ba Ciclo<\/div><\/div><!-- Story Icon --><div class=\"twae-icon\"><\/div><!-- Story Arrow --><div class=\"twae-arrow\"><\/div><!-- Start of Story Content --><div class=\"twae-content\"><!-- Story Title --><div class=\"twae-title\">Piloto numa turma de 7\u00ba ano<\/div><!-- Story Description --><div class=\"twae-description\"><p>Piloto numa turma de 7\u00ba ano, no AE Ibn Mucana, com o modelo das For\u00e7as de car\u00e1ter para promover um bom clima.<\/p><p>Iniciativa promovido pela Psic\u00f3loga escolar e respetiva DT.<\/p><\/div><\/div><\/div><!-- Start of Story Repeater Content --><div id=\"story-fbbffdc\" class=\"twae-story twae-repeater-item twae-story-left twae-story-no-icon\"><!-- Story Label --><div class=\"twae-labels\"><div class=\"twae-label-big\">2017-2019<\/div><div class=\"twae-label-small\">Interven\u00e7\u00e3o direta: 1\u00ba e 2\u00ba Ciclos<\/div><\/div><!-- Story Icon --><div class=\"twae-icon\"><\/div><!-- Story Arrow --><div class=\"twae-arrow\"><\/div><!-- Start of Story Content --><div class=\"twae-content\"><!-- Story Title --><div class=\"twae-title\">Col\u00e9gio Europa<\/div><!-- Story Description --><div class=\"twae-description\"><p>Alargamento ao 1\u00ba e 2\u00ba ciclos, no Col\u00e9gio Europa<\/p><\/div><\/div><\/div><!-- Start of Story Repeater Content --><div id=\"story-f9fc7b0\" class=\"twae-story twae-repeater-item twae-story-right twae-story-no-icon\"><!-- Story Label --><div class=\"twae-labels\"><div class=\"twae-label-big\">2018-2019<\/div><div class=\"twae-label-small\">Forma\u00e7\u00e3o, Apoio &amp; Consultoria<\/div><\/div><!-- Story Icon --><div class=\"twae-icon\"><\/div><!-- Story Arrow --><div class=\"twae-arrow\"><\/div><!-- Start of Story Content --><div class=\"twae-content\"><!-- Story Title --><div class=\"twae-title\">Projeto-Piloto Semear Valores no 1\u00ba Ciclo<\/div><!-- Story Description --><div class=\"twae-description\"><p><strong>Local\/ Entidade:&nbsp;<\/strong>Alcabideche, nas escolas b\u00e1sicas Bruno Nascimento e Malangatana.<\/p>\n<p><strong>Financiador:<\/strong>&nbsp;C\u00e2mara Municipal de Cascais.<\/p>\n<p><strong>Atividades:&nbsp;<\/strong>Forma\u00e7\u00e3o, acompanhamento e consultoria aos professores e assistentes operacionais.<\/p>\n<p><strong>Objetivo:&nbsp;<\/strong>Promover o florescimento das crian\u00e7as, incidindo nas rela\u00e7\u00f5es interpessoais e no exerc\u00edcio da cidadania.<\/p>\n<p><strong>P\u00fablico-alvo:&nbsp;<\/strong>8 turmas e 183 alunos (1\u00ba ao 4\u00ba ano)<\/p>\n<p><strong>Temas:&nbsp;<\/strong>for\u00e7as de car\u00e1ter; literacia emocional e gest\u00e3o da raiva.<\/p>\n<p><strong>Resultados:<\/strong>&nbsp;Aumento do comportamento prossocial e diminui\u00e7\u00e3o dos problemas de relacionamento entre pares: <a href=\"https:\/\/semearvalores.files.wordpress.com\/2020\/01\/relatorio-final-sv-1c2ba-ciclo.pdf\" target=\"_blank\" rel=\"noreferrer noopener\">Relatorio final SV 1\u00ba ciclo<\/a>.<\/p><\/div><\/div><\/div><!-- Start of Story Repeater Content --><div id=\"story-9fcbc0b\" class=\"twae-story twae-repeater-item twae-story-left twae-story-no-icon\"><!-- Story Label --><div class=\"twae-labels\"><div class=\"twae-label-big\">2019-2020<\/div><div class=\"twae-label-small\">Forma\u00e7\u00e3o &amp; Consultoria - 1\u00ba Ciclo<\/div><\/div><!-- Story Icon --><div class=\"twae-icon\"><\/div><!-- Story Arrow --><div class=\"twae-arrow\"><\/div><!-- Start of Story Content --><div class=\"twae-content\"><!-- Story Title --><div class=\"twae-title\">Semear Valores no 1\u00ba Ciclo<\/div><!-- Story Description --><div class=\"twae-description\"><p><strong>Local\/ Entidade:\u00a0<\/strong>Alcabideche, escola b\u00e1sica Bruno Nascimento.<\/p><p><strong>Financiador:<\/strong>\u00a0C\u00e2mara Municipal de Cascais.<\/p><p><strong>Objetivo:\u00a0<\/strong>Promover o florescimento das crian\u00e7as, incidindo no auto-conhecimento, no desenvolvimento de uma atitude mental de crescimento e de rela\u00e7\u00f5es entre pares mais satisfat\u00f3rias.<\/p><p><strong>P\u00fablico-alvo:<\/strong>\u00a0Alunos do 1\u00ba ciclo; 4 turmas e 96 alunos (1\u00ba ao 4\u00ba ano).<\/p><p><strong>Dinamizado por:<\/strong>\u00a0Coordenadora e professoras.<\/p><p><strong>Temas:<\/strong>\u00a0For\u00e7as de car\u00e1ter e atitude mental de crescimento.<\/p><p><strong>Resultados:\u00a0<\/strong><em>interrompido<\/em>\u00a0(quarentena)<\/p><\/div><\/div><\/div><!-- Start of Story Repeater Content --><div id=\"story-a8bea78\" class=\"twae-story twae-repeater-item twae-story-right twae-story-no-icon\"><!-- Story Label --><div class=\"twae-labels\"><div class=\"twae-label-big\">2020-2021<\/div><div class=\"twae-label-small\">Forma\u00e7\u00e3o &amp; Consultoria - 1\u00ba Ciclo<\/div><\/div><!-- Story Icon --><div class=\"twae-icon\"><i aria-hidden=\"true\" class=\"far fa-clock\"><\/i><\/div><!-- Story Arrow --><div class=\"twae-arrow\"><\/div><!-- Start of Story Content --><div class=\"twae-content\"><!-- Story Title --><div class=\"twae-title\">Semear Valores no 1\u00ba Ciclo<\/div><!-- Story Image --><div class=\"twae-media large\"><img decoding=\"async\" width=\"800\" height=\"800\" src=\"https:\/\/semearvalores.pt\/wp-content\/uploads\/2024\/01\/IMG_20210706_093152-1024x1024.jpg\" class=\"attachment-large size-large\" alt=\"\" srcset=\"https:\/\/semearvalores.pt\/wp-content\/uploads\/2024\/01\/IMG_20210706_093152-1024x1024.jpg 1024w, https:\/\/semearvalores.pt\/wp-content\/uploads\/2024\/01\/IMG_20210706_093152-300x300.jpg 300w, https:\/\/semearvalores.pt\/wp-content\/uploads\/2024\/01\/IMG_20210706_093152-150x150.jpg 150w, https:\/\/semearvalores.pt\/wp-content\/uploads\/2024\/01\/IMG_20210706_093152-768x768.jpg 768w, https:\/\/semearvalores.pt\/wp-content\/uploads\/2024\/01\/IMG_20210706_093152-1536x1536.jpg 1536w, https:\/\/semearvalores.pt\/wp-content\/uploads\/2024\/01\/IMG_20210706_093152-2048x2048.jpg 2048w, https:\/\/semearvalores.pt\/wp-content\/uploads\/2024\/01\/IMG_20210706_093152-600x600.jpg 600w, https:\/\/semearvalores.pt\/wp-content\/uploads\/2024\/01\/IMG_20210706_093152-100x100.jpg 100w\" sizes=\"(max-width: 800px) 100vw, 800px\" \/><\/div><!-- Story Description --><div class=\"twae-description\"><p><strong>Local: <\/strong>5 escolas de 1\u00ba ciclo de Cascais: EB1 Malangatana; EB1 Bruno Nascimento e EB1\/JI do Alto da Pe\u00e7a; EB1\/ JI de Alvide e EB1 N\u00ba4 de Cascais.<\/p><p><strong>Financiadores:<\/strong> Participantes &amp; AE de Alvide.<\/p><p><strong>Objetivo:\u00a0<\/strong>Promover o auto-conhecimento das crian\u00e7as e rela\u00e7\u00f5es entre pares mais satisfat\u00f3rias.<\/p><p><strong>P\u00fablico-alvo:<\/strong> Alunos do 1\u00ba ciclo; 6 turmas e 129 alunos (2\u00ba ao 4\u00ba ano).<\/p><p><strong>Dinamizado por:<\/strong> 6 Professoras.<\/p><p><strong>Temas:<\/strong> For\u00e7as de car\u00e1ter.<\/p><p><strong>Resultados: <\/strong>Observou-se um aumento muito significativo (p&lt;.001) dos comportamentos prossociais (de entreajuda) e uma diminui\u00e7\u00e3o significativa dos problemas de relacionamento entre pares, ap\u00f3s a interven\u00e7\u00e3o, na perspetiva das docentes. Houve ainda uma diminui\u00e7\u00e3o muito significativa (p&lt;.001) dos Sintomas Emocionais, Problemas de Comportamento e Hiperatividade.<strong><br \/><\/strong><\/p><\/div><\/div><\/div><!-- Start of Story Repeater Content --><div id=\"story-c9f8964\" class=\"twae-story twae-repeater-item twae-story-left twae-story-no-icon\"><!-- Story Label --><div class=\"twae-labels\"><div class=\"twae-label-big\">2019-2022<\/div><div class=\"twae-label-small\">Interven\u00e7\u00e3o direta - 3\u00ba Ciclo e Secund\u00e1rio<\/div><\/div><!-- Story Icon --><div class=\"twae-icon\"><i aria-hidden=\"true\" class=\"far fa-clock\"><\/i><\/div><!-- Story Arrow --><div class=\"twae-arrow\"><\/div><!-- Start of Story Content --><div class=\"twae-content\"><!-- Story Title --><div class=\"twae-title\">Academia Semear Valores On-Air<\/div><!-- Story Image --><div class=\"twae-media large\"><img loading=\"lazy\" decoding=\"async\" width=\"800\" height=\"533\" src=\"https:\/\/semearvalores.pt\/wp-content\/uploads\/2022\/07\/ibn_mucana_20210507_207-scaled.jpg\" class=\"attachment-large size-large\" alt=\"\" \/><\/div><!-- Story Description --><div class=\"twae-description\"><p><strong>Projeto a 3 anos<\/strong><\/p><p><strong>Local<\/strong>: AE Ibn Mucana<\/p><p><strong>Financiadores:<\/strong> C\u00e2mara Municipal de Cascais e Funda\u00e7\u00e3o Calouste Gulbenkian<\/p><p><strong>Parceiros:<\/strong> A Vida Ama-me e DONE Comunica\u00e7\u00e3o<\/p><p><strong>Objetivo:\u00a0<\/strong>Promover\u00a0<\/p><p><strong>P\u00fablico-alvo:<\/strong> Alunos do 3\u00ba ciclo e secund\u00e1rio; 11 turmas e 249 alunos.<\/p><p><strong>Dinamizado por:<\/strong> Patr\u00edcia e Mafalda (SV), com o apoio dos DT's e a colabora\u00e7\u00e3o\u00a0de Alexandre Campos, da DONE Comunica\u00e7\u00e3o.<\/p><p><strong>Temas:<\/strong> For\u00e7as de car\u00e1ter e R\u00e1dio.<\/p><p><strong>Resultados:<\/strong><\/p><p>Os principais resultados referentes ao aumento das compet\u00eancias socioemocionais dos alunos est\u00e3o dispon\u00edveis nos relat\u00f3rios anuais:\u00a0<a href=\"https:\/\/semearvalores.pt\/wp-content\/uploads\/2024\/01\/Relatorio-2019_20.pdf\" target=\"_blank\" rel=\"noopener\">1\u00ba Ano<\/a> (2020);\u00a0<a href=\"https:\/\/semearvalores.pt\/wp-content\/uploads\/2024\/01\/Relatorio-2020_21.pdf\" target=\"_blank\" rel=\"noopener\">2\u00ba Ano<\/a> (2021) e\u00a0<a href=\"https:\/\/semearvalores.pt\/wp-content\/uploads\/2024\/01\/Relatorio-2021_22.pdf\" target=\"_blank\" rel=\"noopener\">3\u00ba Ano<\/a> (2022).<\/p><p>No artigo \"The impact of adolescents' voice through an online school radio: a socio-emotional learning experimental project\" dispon\u00edvel na revista <a href=\"https:\/\/www.frontiersin.org\/articles\/10.3389\/fpsyg.2023.1197193\/abstract\">Frontiers<\/a> encontra mais informa\u00e7\u00e3o.<strong><br \/><\/strong><\/p><p><strong>Produtos:<\/strong><\/p><p>MEGAIbn R\u00e1dio, com m\u00fasica e programas criados pelos alunos.<\/p><p>- APP para Google e Apple<\/p><p>- Programas dispon\u00edveis em podcasts na <a href=\"https:\/\/soundcloud.com\/user-343190464\" target=\"_blank\" rel=\"noopener\">Soundcloud<\/a>!<\/p><\/div><\/div><\/div><\/div>\n    <div class=\"twae-end\"><\/div>\n    <\/div><style type=\"text\/css\">@media (max-width: 1024px){ .twae-wrapper{--tw-ybx-size: 80px !important;}}@media (max-width: 767px){ .twae-wrapper{--tw-ybx-size: 80px !important}}<\/style>\t\t\t\t<\/div>\n\t\t\t\t<\/div>\n\t\t\t\t\t<\/div>\n\t\t<\/div>\n\t\t\t\t\t<\/div>\n\t\t<\/section>\n\t\t\t\t<\/div>\n\t\t","protected":false},"excerpt":{"rendered":"<p>Projetos em escolas Desenhamos, implementamos e avaliamos projetos em escolas e outros contextos educativos. Adotamos uma abordagem construcionista, de forma a aumentar o envolvimento dos professores e promover a sustentabilidade das aprendizagens. Tal permite-nos testar e avaliar os modelos da psicologia e educa\u00e7\u00e3o positiva no contexto educativo portugu\u00eas, bem como criar novos recursos pedag\u00f3gicos de [&hellip;]<\/p>\n","protected":false},"author":1,"featured_media":0,"parent":0,"menu_order":0,"comment_status":"closed","ping_status":"closed","template":"","meta":{"footnotes":""},"class_list":["post-113","page","type-page","status-publish","hentry"],"jetpack_sharing_enabled":true,"_links":{"self":[{"href":"https:\/\/semearvalores.pt\/index.php\/wp-json\/wp\/v2\/pages\/113"}],"collection":[{"href":"https:\/\/semearvalores.pt\/index.php\/wp-json\/wp\/v2\/pages"}],"about":[{"href":"https:\/\/semearvalores.pt\/index.php\/wp-json\/wp\/v2\/types\/page"}],"author":[{"embeddable":true,"href":"https:\/\/semearvalores.pt\/index.php\/wp-json\/wp\/v2\/users\/1"}],"replies":[{"embeddable":true,"href":"https:\/\/semearvalores.pt\/index.php\/wp-json\/wp\/v2\/comments?post=113"}],"version-history":[{"count":106,"href":"https:\/\/semearvalores.pt\/index.php\/wp-json\/wp\/v2\/pages\/113\/revisions"}],"predecessor-version":[{"id":7356,"href":"https:\/\/semearvalores.pt\/index.php\/wp-json\/wp\/v2\/pages\/113\/revisions\/7356"}],"wp:attachment":[{"href":"https:\/\/semearvalores.pt\/index.php\/wp-json\/wp\/v2\/media?parent=113"}],"curies":[{"name":"wp","href":"https:\/\/api.w.org\/{rel}","templated":true}]}}