{"id":3,"date":"2021-02-08T20:27:28","date_gmt":"2021-02-08T20:27:28","guid":{"rendered":"https:\/\/semearvalores.k2ponto.com.br\/?page_id=3"},"modified":"2021-05-11T23:34:48","modified_gmt":"2021-05-11T23:34:48","slug":"politica-de-privacidade-e-protecao-de-dados","status":"publish","type":"page","link":"https:\/\/semearvalores.pt\/index.php\/politica-de-privacidade-e-protecao-de-dados\/","title":{"rendered":"Pol\u00edtica de privacidade e prote\u00e7\u00e3o de dados"},"content":{"rendered":"<p>Esta Pol\u00edtica de Privacidade \u00e9 baseada no Regulamento (UE) 2016\/679 do parlamento europeu e do conselho de 27 de abril de 2016 relativo \u00e0 prote\u00e7\u00e3o das pessoas singulares no que diz respeito ao tratamento de dados pessoais e \u00e0 livre circula\u00e7\u00e3o desses dados, que revoga a Diretiva 95\/46\/CE (Regulamento Geral sobre a Prote\u00e7\u00e3o de Dados).<\/p><p>Na Semear Valores, CRL valorizamos a confian\u00e7a dos nossos clientes e apenas iremos utilizar os seus dados pessoais para finalidades claramente identificadas e de acordo com os seus direitos de prote\u00e7\u00e3o de dados.&nbsp;<\/p><p>A presente \u201cPol\u00edtica de privacidade e prote\u00e7\u00e3o de dados\u201d estabelece a forma como a Semear Valores, CRL utiliza os dados pessoais dos seus clientes e dos seus potenciais clientes. A informa\u00e7\u00e3o enviada para a Semear Valores, CRL atrav\u00e9s da sua p\u00e1gina Web (www.semearvalores.pt) e atrav\u00e9s do preenchimento de formul\u00e1rios ou fichas de cliente em papel, manter-se-\u00e1 na mais restrita confidencialidade e ser\u00e1 tratada segundo a legisla\u00e7\u00e3o nacional relativamente \u00e0 privacidade da informa\u00e7\u00e3o.<\/p><p><strong>I &#8211; Quem recolhe e trata os dados pessoais?<\/strong><\/p><p>Os seus dados pessoais s\u00e3o recolhidos, tratados e utilizados pela Semear Valores, CRL com sede em DNA Cascais, Ninho de Empresas, Cruz da Popa, 2645-449 Alcabideche, Portugal, registada na Conservat\u00f3ria do Registo Comercial de Lisboa com o n\u00famero de pessoa coletiva 515476943.<\/p><p><strong>II &#8211; Quais os dados pessoais que a Semear Valores, CRL recolhe?<\/strong><\/p><ol class=\"wp-block-list\"><li>Recolhemos os dados pessoais que nos fornece voluntariamente quando se regista na nossa p\u00e1gina ou realiza uma transa\u00e7\u00e3o atrav\u00e9s da mesma, bem como outros relativos ao processamento do seu pedido. Esses dados pessoais incluem a informa\u00e7\u00e3o necess\u00e1ria \u00e0 realiza\u00e7\u00e3o de transac\u00e7\u00f5es comerciais na nossa plataforma, registo de dados para efeitos de marketing e divulga\u00e7\u00e3o de servi\u00e7os.<\/li><li>Tamb\u00e9m podemos recolher dados de utiliza\u00e7\u00e3o e acesso \u00e0 nossa p\u00e1gina, tais como o seu endere\u00e7o IP, que produto visualizou e quais os colocados no seu \u201ccarrinho\u201d; se acedeu \u00e0 nossa p\u00e1gina atrav\u00e9s de uma outra de refer\u00eancia ou atrav\u00e9s de um link num e-mail promocional ou num an\u00fancio, juntamente com o seu endere\u00e7o IP, para analisar a efic\u00e1cia da nossa atividade comercial (\u201cdados de utiliza\u00e7\u00e3o\u201d).<\/li><\/ol><p><strong>&nbsp;<\/strong><strong>III &#8211; Como utiliza a Semear Valores, CRL os seus dados pessoais?<\/strong><\/p><p>a) &nbsp; Os dados transacionais ser\u00e3o utilizados no processamento das suas encomendas, para efetuar o seu pagamento, para comunicar consigo a respeito da sua encomenda, para lhe enviar comunica\u00e7\u00e3o comercial espec\u00edfica ou convites para rever os nossos produtos (sujeito ao seu consentimento), para realizar devolu\u00e7\u00e3o de produtos e pedidos de apoio ao cliente, bem como para informar a retirada dos nossos produtos do mercado.<\/p><p>b) Os dados de utiliza\u00e7\u00e3o, no caso de clientes registados com os dados transacionais, (com exce\u00e7\u00e3o de dados de pagamento) tamb\u00e9m s\u00e3o utilizados para adaptar os produtos expostos na p\u00e1gina aos seus interesses.<\/p><p>c) Se assinar a newsletter, os seus dados transacionais e de utiliza\u00e7\u00e3o ser\u00e3o analisados pela Semear Valores, CRL, para adequar a comunica\u00e7\u00e3o comercial \u00e0s suas prefer\u00eancias.<\/p><p>d) Os dados facultados para divulga\u00e7\u00e3o de servi\u00e7os s\u00e3o divulgados nas plataformas da Semear Valores, CRL, por concord\u00e2ncia na utiliza\u00e7\u00e3o deste servi\u00e7o.<\/p><p><strong>IV &#8211; Com quem pode a Semear Valores, CRL partilhar os seus dados pessoais?<\/strong><\/p><p>a) &nbsp; A Semear Valores, CRL poder\u00e1 contratar presta\u00e7\u00f5es de servi\u00e7os a terceiros, relativamente \u00e0 gest\u00e3o da p\u00e1gina, tais como armazenamento de dados, gest\u00e3o comercial, manuten\u00e7\u00e3o, transporte e pagamento, controlo do IVA, prestadores de servi\u00e7os que permitem adicionar fun\u00e7\u00f5es que pode utilizar ao seu crit\u00e9rio, como por exemplo a ferramenta do chat ou a de revis\u00e3o do produto. Esses prestadores de servi\u00e7os s\u00f3 t\u00eam acesso aos dados pessoais necess\u00e1rios para o desempenho das suas fun\u00e7\u00f5es e n\u00e3o est\u00e3o autorizados a utilizar ou divulgar os seus dados pessoais para outros fins, sem a sua pr\u00e9via autoriza\u00e7\u00e3o.<\/p><p>b) Se assinar a newsletter, o seu nome, endere\u00e7o de correio eletr\u00f3nico e outros dados transacionais ou de utiliza\u00e7\u00e3o ser\u00e3o exclusivamente utilizados pela Semear Valores, CRL, para permitir a an\u00e1lise dos seus interesses e adaptar a comunica\u00e7\u00e3o comercial \u00e0s suas prefer\u00eancias.<\/p><p>c) &nbsp; De acordo com a lei em vigor, podemos partilhar dados pessoais por aplica\u00e7\u00e3o, exig\u00eancia da lei ou outras entidades, se necess\u00e1rio para proteger os nossos direitos ou os de terceiros, para combate \u00e0 fraude ou para fazer cumprir os termos e condi\u00e7\u00f5es da nossa p\u00e1gina, em conformidade com a legisla\u00e7\u00e3o aplic\u00e1vel.<\/p><p>d) &nbsp; Conforme exigido por lei, os prestadores de servi\u00e7os e outros destinat\u00e1rios asseguram um n\u00edvel de prote\u00e7\u00e3o de dados adequado, atrav\u00e9s de uma certifica\u00e7\u00e3o de seguran\u00e7a ou de cl\u00e1usulas da UE.<\/p><p><strong>V &#8211; Como pode limitar a utiliza\u00e7\u00e3o e partilha dos seus dados pessoais?<\/strong><\/p><p>Enviaremos comunica\u00e7\u00e3o comercial via email. Caso queira, pode manifestar o seu interesse em n\u00e3o receber essas comunica\u00e7\u00f5es, fazendo-o em qualquer momento para <a href=\"mailto:semearvalores@gmail.com\">semearvalores@gmail.com<\/a>&nbsp;&nbsp;<\/p><p><strong>VI &#8211; Como pode ter acesso \u00e0 informa\u00e7\u00e3o para atualiza\u00e7\u00e3o da sua identifica\u00e7\u00e3o pessoal?<\/strong><\/p><p>\u00c9 importante que as nossas bases de dados estejam corretas e atualizadas. Para exercer os seus direitos de acesso e efectuar altera\u00e7\u00f5es ou exclus\u00f5es relacionadas com os seus dados pessoais, envie um email para semearvalores@gmail.com. Quando ligar, verificaremos a sua identidade antes de lhe conceder acesso a qualquer dado pessoal.<strong>&nbsp;<\/strong><\/p><p><strong>VII &#8211; Como posso contactar a Semear Valores, CRL?<\/strong><\/p><p>Em caso de d\u00favida sobre o tratamento que fazemos aos seus dados pessoais, contacte-nos para um destes n\u00fameros: +351.964.355.509, +351.919.412.919 ou +351.918.553.331. Em alternativa, pode enviar um email para semearvalores@gmail.com. Reservamo-nos o direito de alterar periodicamente as nossas pr\u00e1ticas de tratamento de dados.<\/p>","protected":false},"excerpt":{"rendered":"<p>Esta Pol\u00edtica de Privacidade \u00e9 baseada no Regulamento (UE) 2016\/679 do parlamento europeu e do conselho de 27 de abril de 2016 relativo \u00e0 prote\u00e7\u00e3o das pessoas singulares no que diz respeito ao tratamento de dados pessoais e \u00e0 livre circula\u00e7\u00e3o desses dados, que revoga a Diretiva 95\/46\/CE (Regulamento Geral sobre a Prote\u00e7\u00e3o de Dados). [&hellip;]<\/p>\n","protected":false},"author":1,"featured_media":0,"parent":0,"menu_order":0,"comment_status":"closed","ping_status":"closed","template":"","meta":{"footnotes":""},"class_list":["post-3","page","type-page","status-publish","hentry"],"jetpack_sharing_enabled":true,"_links":{"self":[{"href":"https:\/\/semearvalores.pt\/index.php\/wp-json\/wp\/v2\/pages\/3"}],"collection":[{"href":"https:\/\/semearvalores.pt\/index.php\/wp-json\/wp\/v2\/pages"}],"about":[{"href":"https:\/\/semearvalores.pt\/index.php\/wp-json\/wp\/v2\/types\/page"}],"author":[{"embeddable":true,"href":"https:\/\/semearvalores.pt\/index.php\/wp-json\/wp\/v2\/users\/1"}],"replies":[{"embeddable":true,"href":"https:\/\/semearvalores.pt\/index.php\/wp-json\/wp\/v2\/comments?post=3"}],"version-history":[{"count":3,"href":"https:\/\/semearvalores.pt\/index.php\/wp-json\/wp\/v2\/pages\/3\/revisions"}],"predecessor-version":[{"id":1840,"href":"https:\/\/semearvalores.pt\/index.php\/wp-json\/wp\/v2\/pages\/3\/revisions\/1840"}],"wp:attachment":[{"href":"https:\/\/semearvalores.pt\/index.php\/wp-json\/wp\/v2\/media?parent=3"}],"curies":[{"name":"wp","href":"https:\/\/api.w.org\/{rel}","templated":true}]}}