{"id":5512,"date":"2022-11-10T15:47:00","date_gmt":"2022-11-10T15:47:00","guid":{"rendered":"https:\/\/semearvalores.pt\/?page_id=5512"},"modified":"2024-01-30T17:09:45","modified_gmt":"2024-01-30T17:09:45","slug":"oferta-formativa-para-escolas","status":"publish","type":"page","link":"https:\/\/semearvalores.pt\/index.php\/oferta-formativa-para-escolas\/","title":{"rendered":"Oferta formativa"},"content":{"rendered":"\t\t<div data-elementor-type=\"wp-page\" data-elementor-id=\"5512\" class=\"elementor elementor-5512\" data-elementor-post-type=\"page\">\n\t\t\t\t\t\t<section class=\"elementor-section elementor-top-section elementor-element elementor-element-687361c elementor-section-boxed elementor-section-height-default elementor-section-height-default\" data-id=\"687361c\" data-element_type=\"section\">\n\t\t\t\t\t\t<div class=\"elementor-container elementor-column-gap-default\">\n\t\t\t\t\t<div class=\"elementor-column elementor-col-100 elementor-top-column elementor-element elementor-element-eaf650e\" data-id=\"eaf650e\" data-element_type=\"column\">\n\t\t\t<div class=\"elementor-widget-wrap elementor-element-populated\">\n\t\t\t\t\t\t<div class=\"elementor-element elementor-element-ad2570f elementor-widget elementor-widget-text-editor\" data-id=\"ad2570f\" data-element_type=\"widget\" data-widget_type=\"text-editor.default\">\n\t\t\t\t<div class=\"elementor-widget-container\">\n\t\t\t\t\t\t\t\t\t<p>A pensar nas necessidades dos professores, cri\u00e1mos os seguintes cursos, de 3 horas cada:\u00a0<\/p>\t\t\t\t\t\t\t\t<\/div>\n\t\t\t\t<\/div>\n\t\t\t\t\t<\/div>\n\t\t<\/div>\n\t\t\t\t\t<\/div>\n\t\t<\/section>\n\t\t\t\t<section class=\"elementor-section elementor-top-section elementor-element elementor-element-dc01a93 elementor-section-boxed elementor-section-height-default elementor-section-height-default\" data-id=\"dc01a93\" data-element_type=\"section\">\n\t\t\t\t\t\t<div class=\"elementor-container elementor-column-gap-default\">\n\t\t\t\t\t<div class=\"elementor-column elementor-col-100 elementor-top-column elementor-element elementor-element-c44e55b\" data-id=\"c44e55b\" data-element_type=\"column\">\n\t\t\t<div class=\"elementor-widget-wrap elementor-element-populated\">\n\t\t\t\t\t\t<div class=\"elementor-element elementor-element-f149089 elementor-widget elementor-widget-text-editor\" data-id=\"f149089\" data-element_type=\"widget\" data-widget_type=\"text-editor.default\">\n\t\t\t\t<div class=\"elementor-widget-container\">\n\t\t\t\t\t\t\t\t\t<ol><li class=\"_04xlpA direction-ltr align-start para-style-body\"><span class=\"JsGRdQ\">For\u00e7as em A\u00e7\u00e3o! &#8211; Criar Ambientes de Aprendizagem Inclusivos e Harmoniosos<\/span><\/li><li class=\"_04xlpA direction-ltr align-start para-style-body\"><span class=\"JsGRdQ\">\u201cIncluir!\u201d &#8211; Seremos T\u00e3o Bons a Incluir Como a Receber?<br \/><\/span><\/li><li class=\"_04xlpA direction-ltr align-start para-style-body\"><span class=\"JsGRdQ\">\u201cN\u00e3o Consigo\u2026 Ainda!\u201d &#8211; Promover o Sucesso na Aprendizagem<\/span><\/li><li class=\"_04xlpA direction-ltr align-start para-style-body\"><span class=\"JsGRdQ\">\u201cPrevenir \u00c9 o Melhor Rem\u00e9dio\u201d &#8211; Como\u00a0 Gerir Comportamentos em Grupo<\/span><\/li><li class=\"_04xlpA direction-ltr align-start para-style-body\"><span class=\"JsGRdQ\">\u201cJ\u00e1 Fui!\u201d &#8211; Como Gerir Conflitos<\/span><\/li><li class=\"_04xlpA direction-ltr align-start para-style-body\"><span class=\"JsGRdQ\">Construir resili\u00eancia &#8211; A Magia dos Recursos Simples<\/span><\/li><\/ol>\t\t\t\t\t\t\t\t<\/div>\n\t\t\t\t<\/div>\n\t\t\t\t\t<\/div>\n\t\t<\/div>\n\t\t\t\t\t<\/div>\n\t\t<\/section>\n\t\t\t\t<section class=\"elementor-section elementor-top-section elementor-element elementor-element-5614787 elementor-section-boxed elementor-section-height-default elementor-section-height-default\" data-id=\"5614787\" data-element_type=\"section\">\n\t\t\t\t\t\t<div class=\"elementor-container elementor-column-gap-default\">\n\t\t\t\t\t<div class=\"elementor-column elementor-col-100 elementor-top-column elementor-element elementor-element-06ca59c\" data-id=\"06ca59c\" data-element_type=\"column\">\n\t\t\t<div class=\"elementor-widget-wrap elementor-element-populated\">\n\t\t\t\t\t\t<div class=\"elementor-element elementor-element-d44ee36 elementor-widget elementor-widget-text-editor\" data-id=\"d44ee36\" data-element_type=\"widget\" data-widget_type=\"text-editor.default\">\n\t\t\t\t<div class=\"elementor-widget-container\">\n\t\t\t\t\t\t\t\t\t<h5><strong>Fundamentos e Metodologia<\/strong><\/h5>\t\t\t\t\t\t\t\t<\/div>\n\t\t\t\t<\/div>\n\t\t\t\t\t<\/div>\n\t\t<\/div>\n\t\t\t\t\t<\/div>\n\t\t<\/section>\n\t\t\t\t<section class=\"elementor-section elementor-top-section elementor-element elementor-element-4ffecc1 elementor-section-boxed elementor-section-height-default elementor-section-height-default\" data-id=\"4ffecc1\" data-element_type=\"section\">\n\t\t\t\t\t\t<div class=\"elementor-container elementor-column-gap-default\">\n\t\t\t\t\t<div class=\"elementor-column elementor-col-100 elementor-top-column elementor-element elementor-element-fc2e103\" data-id=\"fc2e103\" data-element_type=\"column\">\n\t\t\t<div class=\"elementor-widget-wrap elementor-element-populated\">\n\t\t\t\t\t\t<div class=\"elementor-element elementor-element-faa21b0 elementor-widget elementor-widget-text-editor\" data-id=\"faa21b0\" data-element_type=\"widget\" data-widget_type=\"text-editor.default\">\n\t\t\t\t<div class=\"elementor-widget-container\">\n\t\t\t\t\t\t\t\t\t<p class=\"_04xlpA direction-ltr align-justify para-style-body\"><span class=\"JsGRdQ\">A nossa forma\u00e7\u00e3o baseia-se em modelos psicopedag\u00f3gicos, de educa\u00e7\u00e3o positiva e em fundamentos da neuroeduca\u00e7\u00e3o.&nbsp;<\/span><span style=\"color: var( --e-global-color-db6c802 );\">Privilegiamos a aprendizagem pela experi\u00eancia, com reflex\u00e3o, para que os professores vivenciem e se apropriem dos conte\u00fados.&nbsp;<\/span><span style=\"color: var( --e-global-color-db6c802 );\">As sugest\u00f5es e atividades propostas resultam da nossa experi\u00eancia junto de escolas, professores e alunos.<\/span><\/p>\n<p class=\"_04xlpA direction-ltr align-justify para-style-body\"><span class=\"JsGRdQ\">Cada uma das propostas ABORDA UM TEMA ESPEC\u00cdFICO RELEVANTE PARA O CONTEXTO EDUCATIVO e pode ser adquirido individualmente.&nbsp;<\/span><span style=\"color: var( --e-global-color-db6c802 );\">Os 6 cursos podem tamb\u00e9m ser entendidos como uma jornada, ao longo da qual os profissionais de educa\u00e7\u00e3o v\u00e3o adquirindo conhecimento e compet\u00eancias \u00fateis para responder a situa\u00e7\u00f5es cada vez mais desafiantes.<\/span><\/p>\t\t\t\t\t\t\t\t<\/div>\n\t\t\t\t<\/div>\n\t\t\t\t\t<\/div>\n\t\t<\/div>\n\t\t\t\t\t<\/div>\n\t\t<\/section>\n\t\t\t\t<section class=\"elementor-section elementor-top-section elementor-element elementor-element-766ab67 elementor-section-boxed elementor-section-height-default elementor-section-height-default\" data-id=\"766ab67\" data-element_type=\"section\">\n\t\t\t\t\t\t<div class=\"elementor-container elementor-column-gap-default\">\n\t\t\t\t\t<div class=\"elementor-column elementor-col-100 elementor-top-column elementor-element elementor-element-6f43337\" data-id=\"6f43337\" data-element_type=\"column\">\n\t\t\t<div class=\"elementor-widget-wrap elementor-element-populated\">\n\t\t\t\t\t\t<div class=\"elementor-element elementor-element-0724c40 elementor-widget elementor-widget-text-editor\" data-id=\"0724c40\" data-element_type=\"widget\" data-widget_type=\"text-editor.default\">\n\t\t\t\t<div class=\"elementor-widget-container\">\n\t\t\t\t\t\t\t\t\t<h6>Saiba mais sobre cada curso,\u00a0<a href=\"https:\/\/semearvalores.pt\/wp-content\/uploads\/2024\/01\/202324_Oferta-formativa-Escolas-6-Mod.pdf\" target=\"_blank\" rel=\"noopener\">AQUI<\/a>.<\/h6>\t\t\t\t\t\t\t\t<\/div>\n\t\t\t\t<\/div>\n\t\t\t\t\t<\/div>\n\t\t<\/div>\n\t\t\t\t\t<\/div>\n\t\t<\/section>\n\t\t\t\t<section class=\"elementor-section elementor-top-section elementor-element elementor-element-9d61631 elementor-section-boxed elementor-section-height-default elementor-section-height-default\" data-id=\"9d61631\" data-element_type=\"section\">\n\t\t\t\t\t\t<div class=\"elementor-container elementor-column-gap-default\">\n\t\t\t\t\t<div class=\"elementor-column elementor-col-100 elementor-top-column elementor-element elementor-element-003b60c\" data-id=\"003b60c\" data-element_type=\"column\">\n\t\t\t<div class=\"elementor-widget-wrap elementor-element-populated\">\n\t\t\t\t\t\t<section class=\"elementor-section elementor-inner-section elementor-element elementor-element-806292b elementor-section-boxed elementor-section-height-default elementor-section-height-default\" data-id=\"806292b\" data-element_type=\"section\">\n\t\t\t\t\t\t<div class=\"elementor-container elementor-column-gap-default\">\n\t\t\t\t\t<div class=\"elementor-column elementor-col-50 elementor-inner-column elementor-element elementor-element-1fd39fc\" data-id=\"1fd39fc\" data-element_type=\"column\">\n\t\t\t<div class=\"elementor-widget-wrap elementor-element-populated\">\n\t\t\t\t\t\t<div class=\"elementor-element elementor-element-84e6cfb elementor-widget elementor-widget-image\" data-id=\"84e6cfb\" data-element_type=\"widget\" data-widget_type=\"image.default\">\n\t\t\t\t<div class=\"elementor-widget-container\">\n\t\t\t\t\t\t\t\t\t\t\t\t\t\t\t<img fetchpriority=\"high\" decoding=\"async\" width=\"800\" height=\"345\" src=\"https:\/\/semearvalores.pt\/wp-content\/uploads\/2022\/11\/sala.jpeg.jpg\" class=\"attachment-large size-large wp-image-5519\" alt=\"\" \/>\t\t\t\t\t\t\t\t\t\t\t\t\t\t\t<\/div>\n\t\t\t\t<\/div>\n\t\t\t\t\t<\/div>\n\t\t<\/div>\n\t\t\t\t<div class=\"elementor-column elementor-col-50 elementor-inner-column elementor-element elementor-element-363564f\" data-id=\"363564f\" data-element_type=\"column\">\n\t\t\t<div class=\"elementor-widget-wrap elementor-element-populated\">\n\t\t\t\t\t\t<div class=\"elementor-element elementor-element-898876a elementor-widget elementor-widget-text-editor\" data-id=\"898876a\" data-element_type=\"widget\" data-widget_type=\"text-editor.default\">\n\t\t\t\t<div class=\"elementor-widget-container\">\n\t\t\t\t\t\t\t\t\t<p>Investimento: 300\u20ac +&nbsp;<span style=\"color: var( --e-global-color-db6c802 );\">IVA por cada curso&nbsp;<\/span><span style=\"color: var( --e-global-color-db6c802 );\">(n\u00e3o inclui despesas de desloca\u00e7\u00e3o)<\/span><\/p>\n<p>Formadora(s): Patr\u00edcia Sarmento e\/ou Kalpna Kirtikumar<\/p>\n<p>Formato: Presencial ou online<\/p>\n<p>Data: a combinar com a escola<\/p>\n<p>Cada curso inclui um manual digital que ser\u00e1 disponibilizado aos participantes.<\/p>\n<p>Cada curso pode ser creditado enquanto a\u00e7\u00e3o de curta dura\u00e7\u00e3o, junto de qualquer Centro de Forma\u00e7\u00e3o de Professores da respetiva regi\u00e3o.<\/p>\n<p>Contactos: semearvalores@gmail.com ou&nbsp;<span style=\"color: var( --e-global-color-db6c802 );\">919 412 919<\/span><span style=\"color: var( --e-global-color-db6c802 );\">&nbsp;(Patr\u00edcia Sarmento<\/span><span style=\"color: var( --e-global-color-db6c802 );\">)<\/span><\/p>\t\t\t\t\t\t\t\t<\/div>\n\t\t\t\t<\/div>\n\t\t\t\t\t<\/div>\n\t\t<\/div>\n\t\t\t\t\t<\/div>\n\t\t<\/section>\n\t\t\t\t\t<\/div>\n\t\t<\/div>\n\t\t\t\t\t<\/div>\n\t\t<\/section>\n\t\t\t\t<\/div>\n\t\t","protected":false},"excerpt":{"rendered":"<p>A pensar nas necessidades dos professores, cri\u00e1mos os seguintes cursos, de 3 horas cada:\u00a0 For\u00e7as em A\u00e7\u00e3o! &#8211; Criar Ambientes de Aprendizagem Inclusivos e Harmoniosos \u201cIncluir!\u201d &#8211; Seremos T\u00e3o Bons a Incluir Como a Receber? \u201cN\u00e3o Consigo\u2026 Ainda!\u201d &#8211; Promover o Sucesso na Aprendizagem \u201cPrevenir \u00c9 o Melhor Rem\u00e9dio\u201d &#8211; Como\u00a0 Gerir Comportamentos em Grupo [&hellip;]<\/p>\n","protected":false},"author":1,"featured_media":0,"parent":0,"menu_order":0,"comment_status":"closed","ping_status":"closed","template":"","meta":{"footnotes":""},"class_list":["post-5512","page","type-page","status-publish","hentry"],"jetpack_sharing_enabled":true,"_links":{"self":[{"href":"https:\/\/semearvalores.pt\/index.php\/wp-json\/wp\/v2\/pages\/5512"}],"collection":[{"href":"https:\/\/semearvalores.pt\/index.php\/wp-json\/wp\/v2\/pages"}],"about":[{"href":"https:\/\/semearvalores.pt\/index.php\/wp-json\/wp\/v2\/types\/page"}],"author":[{"embeddable":true,"href":"https:\/\/semearvalores.pt\/index.php\/wp-json\/wp\/v2\/users\/1"}],"replies":[{"embeddable":true,"href":"https:\/\/semearvalores.pt\/index.php\/wp-json\/wp\/v2\/comments?post=5512"}],"version-history":[{"count":37,"href":"https:\/\/semearvalores.pt\/index.php\/wp-json\/wp\/v2\/pages\/5512\/revisions"}],"predecessor-version":[{"id":7401,"href":"https:\/\/semearvalores.pt\/index.php\/wp-json\/wp\/v2\/pages\/5512\/revisions\/7401"}],"wp:attachment":[{"href":"https:\/\/semearvalores.pt\/index.php\/wp-json\/wp\/v2\/media?parent=5512"}],"curies":[{"name":"wp","href":"https:\/\/api.w.org\/{rel}","templated":true}]}}